{"id":431,"date":"2022-02-16T13:14:37","date_gmt":"2022-02-16T12:14:37","guid":{"rendered":"https:\/\/www.marinavidal.es\/?page_id=431"},"modified":"2026-04-17T11:16:22","modified_gmt":"2026-04-17T10:16:22","slug":"inicio-2","status":"publish","type":"page","link":"https:\/\/www.marinavidal.es\/es\/","title":{"rendered":"Inicio"},"content":{"rendered":"<p>[et_pb_section fb_built=\u00bb1&#8243; admin_label=\u00bbHero Section\u00bb _builder_version=\u00bb4.16&#8243; background_color_gradient_direction=\u00bb135deg\u00bb background_color_gradient_start=\u00bb#753dbd\u00bb background_color_gradient_end=\u00bb#5fcac9&#8243; background_image=\u00bbhttps:\/\/www.marinavidal.es\/wp-content\/uploads\/2021\/12\/banner.jpg\u00bb background_position=\u00bbcenter_right\u00bb width=\u00bb100%\u00bb min_height=\u00bb483px\u00bb custom_padding=\u00bb36px|0px|1px|0px|false|\u00bb background_last_edited=\u00bbon|phone\u00bb background_size_phone=\u00bbcover\u00bb global_colors_info=\u00bb{}\u00bb background__hover_enabled=\u00bboff|desktop\u00bb][et_pb_row column_structure=\u00bb1_2,1_2&#8243; _builder_version=\u00bb4.16&#8243; _module_preset=\u00bbdefault\u00bb animation_style=\u00bbfade\u00bb global_colors_info=\u00bb{}\u00bb][et_pb_column type=\u00bb1_2&#8243; _builder_version=\u00bb4.16&#8243; _module_preset=\u00bbdefault\u00bb global_colors_info=\u00bb{}\u00bb][\/et_pb_column][et_pb_column type=\u00bb1_2&#8243; _builder_version=\u00bb4.16&#8243; _module_preset=\u00bbdefault\u00bb global_colors_info=\u00bb{}\u00bb][et_pb_image src=\u00bbhttps:\/\/www.marinavidal.es\/wp-content\/uploads\/2021\/12\/marinavidal-positiu.png\u00bb title_text=\u00bbmarinavidal-positiu\u00bb _builder_version=\u00bb4.16&#8243; _module_preset=\u00bbdefault\u00bb global_colors_info=\u00bb{}\u00bb][\/et_pb_image][\/et_pb_column][\/et_pb_row][\/et_pb_section][et_pb_section fb_built=\u00bb1&#8243; admin_label=\u00bbAbout Us Section\u00bb _builder_version=\u00bb4.16&#8243; custom_padding=\u00bb52px|0px|33px|0px||\u00bb global_colors_info=\u00bb{}\u00bb][et_pb_row column_structure=\u00bb1_2,1_2&#8243; admin_label=\u00bbRow\u00bb module_id=\u00bbquisoc\u00bb _builder_version=\u00bb4.16&#8243; custom_padding=\u00bb|||\u00bb global_colors_info=\u00bb{}\u00bb][et_pb_column type=\u00bb1_2&#8243; _builder_version=\u00bb4.16&#8243; custom_padding=\u00bb|||\u00bb global_colors_info=\u00bb{}\u00bb custom_padding__hover=\u00bb|||\u00bb][et_pb_text _builder_version=\u00bb4.16&#8243; _module_preset=\u00bb870064e3-0f51-4956-a39c-0040fdd1f6c0&#8243; custom_padding=\u00bb2px|||||\u00bb inline_fonts=\u00bbDM Serif Display\u00bb global_colors_info=\u00bb{}\u00bb]<\/p>\n<h2><span style=\"color: #753dbd; font-family: DM Serif Display; font-weight: normal; font-size: 45px;\">Qui\u00e9n soy<\/span><\/h2>\n<p>[\/et_pb_text][et_pb_text _builder_version=\u00bb4.18.0&#8243; text_font=\u00bbOpen Sans||||||||\u00bb text_text_color=\u00bb#486066&#8243; text_font_size=\u00bb15px\u00bb text_line_height=\u00bb1.8em\u00bb header_font=\u00bb||||||||\u00bb global_colors_info=\u00bb{}\u00bb]<\/p>\n<p>Hace m\u00e1s de 10 a\u00f1os que soy m\u00e9dico y he desarollado mi actividad, principalmente, en diversos centros de atenci\u00f3n primaria de la provincia de Lleida. He atendido a pacientes de todas las edades y con problemas de salud diversos interrelacionados entre ellos. La visi\u00f3n global del ser humano y el constante inter\u00e9s en mantener y restablecer la salud me han llevado por el camino apasionante de la medicina integrativa.<\/p>\n<p>En la consulta buscaremos el origen del problema a la vez que apoyaremos el cuerpo para transitar por el momento actual de la forma m\u00e1s efectiva y respetuosa posible. En muchas ocasiones esto permitir\u00e1 disminuir o eliminar medicamentos cr\u00f3nicos y mi experiencia con la medicina convencional facilitar\u00e1 acompa\u00f1arte en el proceso.<\/p>\n<p>En 2012 me licencio en Medicina en la Universidad de Lleida y durante el \u00faltimo a\u00f1o colaboro en la consulta de un m\u00e9dico integrativo. Esto me abre los ojos a una nueva visi\u00f3n de la medicina, que busca recuperar la salud de la persona y la hace part\u00edcipe del recorrido.<\/p>\n<p>Ante esta visi\u00f3n hol\u00edstica del ser humano, y al mismo tiempo que sigo colaborando y form\u00e1ndome con este m\u00e9dico y sus pacientes durante 6 a\u00f1os m\u00e1s, decido especializarme en medicina familiar y comunitaria. Lo termino en 2017, con la calificaci\u00f3n de excelente. Adem\u00e1s de la formaci\u00f3n en medicina convencional, sigo form\u00e1ndome constantemente en medicina integrativa. En cuanto a la medicina integrativa me formo en microbiota intestinal, fitoterapia, medicina bioreguladora, mindfulness, micronutrici\u00f3n y dietoterapia, nutrici\u00f3n cl\u00ednica, suplementaci\u00f3n nutricional y psiconeuroinmunolog\u00eda (PNI). Adem\u00e1s, me mantengo al d\u00eda de las novedades en literatura cient\u00edfica que aparecen constantemente.<\/p>\n<p>Desde 2018, soy miembro de la Sociedad Espa\u00f1ola de Salud y Medicina Integrativa (SESMI), lo que me permite estar en contacto diario con profesionales sanitarios expertos en medicina integrativa de todo el estado para poder seguir ampliando, as\u00ed, mis conocimientos.<\/p>\n<p>&nbsp;<\/p>\n<p>[\/et_pb_text][et_pb_text _builder_version=\u00bb4.16&#8243; _module_preset=\u00bbdefault\u00bb text_font=\u00bbOpen Sans||||||||\u00bb global_colors_info=\u00bb{}\u00bb]<\/p>\n<div style=\"padding: 20px; margin-bottom: 20px; background: #f6f2fb;\">\n<h3 style=\"color: #753dbd; font-family: DM Serif Display; font-weight: normal; font-size: 24px;\">QU\u00c9 ES LA MEDICINA INTEGRATIVA<\/h3>\n<p>La medicina integrativa es aquella medicina que entiende al paciente en su globalidad y utiliza la terapia o tratamiento m\u00e1s adecuado para su momento concreto. Se sirve de los conocimientos de las medicinas tradicionales y, a la vez, de los conocimientos cient\u00edficos y m\u00e9dicos m\u00e1s actualizados.<\/p>\n<p>Con la medicina integrativa la persona se coloca en el centro del proceso y usamos todo el conocimiento disponible para ayudarla.<\/p>\n<\/div>\n<div style=\"padding: 20px; background: #f6f2fb;\">\n<h3 style=\"color: #753dbd; font-family: DM Serif Display; font-weight: normal; font-size: 24px;\">QU\u00c9 ES LA PSICONEUROINMUNOLOG\u00cdA<\/h3>\n<p>La psiconeuroimmunolog\u00eda (PNI) es un enfoque integral de la salud de la persona que relaciona sus s\u00edntomas o enfermedades con su contexto emocional y vital a la vez que parte de un conocimiento profundo del funcionamiento del cuerpo humano, en especial de los sistemas nervioso, inmunol\u00f3gico y endocrino. Esto permite un abordaje m\u00e1s completo y efectivo de los problemas de salud.<\/p>\n<\/div>\n<p>[\/et_pb_text][\/et_pb_column][et_pb_column type=\u00bb1_2&#8243; _builder_version=\u00bb4.16&#8243; custom_padding=\u00bb|||\u00bb global_colors_info=\u00bb{}\u00bb custom_padding__hover=\u00bb|||\u00bb][et_pb_image src=\u00bbhttps:\/\/www.marinavidal.es\/wp-content\/uploads\/2021\/12\/marina.jpg\u00bb title_text=\u00bbmarina\u00bb align=\u00bbcenter\u00bb align_tablet=\u00bbcenter\u00bb align_phone=\u00bb\u00bb align_last_edited=\u00bbon|desktop\u00bb _builder_version=\u00bb4.16&#8243; max_height=\u00bb445px\u00bb animation_style=\u00bbslide\u00bb animation_direction=\u00bbleft\u00bb animation_intensity_slide=\u00bb8%\u00bb box_shadow_style=\u00bbpreset3&#8243; global_colors_info=\u00bb{}\u00bb][\/et_pb_image][\/et_pb_column][\/et_pb_row][\/et_pb_section][et_pb_section fb_built=\u00bb1&#8243; _builder_version=\u00bb4.16&#8243; _module_preset=\u00bbdefault\u00bb background_color_gradient_direction=\u00bb45deg\u00bb background_color_gradient_start=\u00bb#5fcac9&#8243; background_color_gradient_end=\u00bb#61bace\u00bb background_enable_image=\u00bboff\u00bb background_size=\u00bbcontain\u00bb background_position=\u00bbcenter_left\u00bb background_blend=\u00bbmultiply\u00bb custom_padding=\u00bb22px|||||\u00bb global_colors_info=\u00bb{}\u00bb][et_pb_row column_structure=\u00bb1_2,1_2&#8243; module_id=\u00bbformacio\u00bb _builder_version=\u00bb4.16&#8243; _module_preset=\u00bbdefault\u00bb global_colors_info=\u00bb{}\u00bb][et_pb_column type=\u00bb1_2&#8243; _builder_version=\u00bb4.16&#8243; _module_preset=\u00bbdefault\u00bb global_colors_info=\u00bb{}\u00bb][et_pb_text _builder_version=\u00bb4.16&#8243; _module_preset=\u00bbdefault\u00bb global_colors_info=\u00bb{}\u00bb]<\/p>\n<h2><span style=\"color: #753dbd; font-family: DM Serif Display; font-weight: normal; font-size: 45px;\">Formaci\u00f3n reglada<br \/><\/span><\/h2>\n<p>[\/et_pb_text][et_pb_text _builder_version=\u00bb4.16&#8243; _module_preset=\u00bbdefault\u00bb text_font=\u00bbOpen Sans||||||||\u00bb text_font_size=\u00bb12px\u00bb global_colors_info=\u00bb{}\u00bb]<\/p>\n<ul>\n<li><span style=\"font-family: inherit; font-size: medium; font-weight: normal;\">Licenciada en Medicina (2012)<\/span><\/li>\n<li><span style=\"font-family: inherit; font-weight: normal; font-size: medium;\">Especialista en Medicina Familiar y Comunitaria, calificaci\u00f3n excelente (2017)<\/span><\/li>\n<li><span style=\"font-family: inherit; font-weight: normal; font-size: medium;\">Especialista en Micronutrici\u00f3n y Dietoterapia, por la Universidad de Alcal\u00e1 (2015)<\/span><\/li>\n<li><span style=\"font-family: inherit; font-weight: normal; font-size: medium;\">Nutrici\u00f3n Cl\u00ednica Avanzada. Niveles 1, 2 y 3 (2019), por ICNS Instituto.<\/span><\/li>\n<li><span style=\"font-family: inherit; font-weight: normal; font-size: medium;\">Experto en Suplementaci\u00f3n Nutricional Integrativa, por la Escuela de Salud Integrativa (2019)<\/span><\/li>\n<li><span style=\"font-family: inherit; font-weight: normal; font-size: medium;\">M\u00e1ster en Psiconeuroimmunologia Cl\u00ednica, por Regenera (2022)<\/span><span style=\"font-family: inherit; font-weight: normal; font-size: medium;\"><\/span><\/li>\n<li><span style=\"font-family: inherit; font-weight: normal; font-size: medium;\">Postgrado Online de Microbiota, por Regenera (2022)<\/span><\/li>\n<\/ul>\n<p>[\/et_pb_text][\/et_pb_column][et_pb_column type=\u00bb1_2&#8243; _builder_version=\u00bb4.16&#8243; _module_preset=\u00bbdefault\u00bb global_colors_info=\u00bb{}\u00bb][et_pb_image src=\u00bbhttps:\/\/www.marinavidal.es\/wp-content\/uploads\/2021\/12\/undraw_education_f8ru.png\u00bb title_text=\u00bbundraw_education_f8ru\u00bb _builder_version=\u00bb4.16&#8243; _module_preset=\u00bbdefault\u00bb animation_style=\u00bbfade\u00bb global_colors_info=\u00bb{}\u00bb][\/et_pb_image][\/et_pb_column][\/et_pb_row][\/et_pb_section][et_pb_section fb_built=\u00bb1&#8243; admin_label=\u00bbFeatures Section\u00bb module_id=\u00bbajudar\u00bb _builder_version=\u00bb4.16&#8243; background_enable_color=\u00bboff\u00bb use_background_color_gradient=\u00bbon\u00bb background_color_gradient_direction=\u00bb45deg\u00bb background_color_gradient_stops=\u00bb#4ba398 49%|#00aa88 100%\u00bb background_color_gradient_start=\u00bb#4ba398&#8243; background_color_gradient_start_position=\u00bb49%\u00bb background_color_gradient_end=\u00bb#00aa88&#8243; custom_padding=\u00bb55px|0px|65px|0px||\u00bb background_color_gradient_stops_tablet=\u00bb#4ba398 49%|#00aa88 100%\u00bb background_color_gradient_stops_phone=\u00bb#4ba398 49%|#00aa88 100%\u00bb global_module=\u00bb541&#8243; saved_tabs=\u00bball\u00bb global_colors_info=\u00bb{}\u00bb][et_pb_row _builder_version=\u00bb4.16&#8243; global_colors_info=\u00bb{}\u00bb][et_pb_column type=\u00bb4_4&#8243; _builder_version=\u00bb4.16&#8243; custom_padding=\u00bb|||\u00bb global_colors_info=\u00bb{}\u00bb custom_padding__hover=\u00bb|||\u00bb][et_pb_text _builder_version=\u00bb4.16&#8243; text_font=\u00bb||||||||\u00bb header_font=\u00bb||||||||\u00bb header_text_align=\u00bbcenter\u00bb header_3_font=\u00bbPoppins|600|||||||\u00bb header_3_text_color=\u00bb#44d89e\u00bb header_3_font_size=\u00bb36px\u00bb header_3_line_height=\u00bb1.4em\u00bb text_orientation=\u00bbcenter\u00bb inline_fonts=\u00bbDM Serif Display\u00bb global_colors_info=\u00bb{}\u00bb]<\/p>\n<h2><span style=\"color: #ffffff; font-family: DM Serif Display; font-weight: normal; font-size: 45px;\">En qu\u00e9 puedo ayudarte<\/span><\/h2>\n<p>[\/et_pb_text][\/et_pb_column][\/et_pb_row][et_pb_row _builder_version=\u00bb4.16&#8243; _module_preset=\u00bbdefault\u00bb global_colors_info=\u00bb{}\u00bb][et_pb_column type=\u00bb4_4&#8243; _builder_version=\u00bb4.16&#8243; _module_preset=\u00bbdefault\u00bb global_colors_info=\u00bb{}\u00bb][et_pb_text _builder_version=\u00bb4.16&#8243; _module_preset=\u00bbdefault\u00bb text_font=\u00bbOpen Sans||||||||\u00bb text_text_color=\u00bb#FFFFFF\u00bb text_font_size=\u00bb16px\u00bb global_colors_info=\u00bb{}\u00bb]<\/p>\n<p>Gracias a mi formaci\u00f3n y experiencia te puedo ofrecer una atenci\u00f3n personalizada con una visi\u00f3n global desde la primera visita.<\/p>\n<p>En la primera visita (unos 90 minutos de duraci\u00f3n) haremos una revisi\u00f3n exhaustiva y completa de tu estado de salud. Esto me permitir\u00e1 tener un conocimiento profundo sobre tu estado actual y qu\u00e9 te ha llevado a \u00e9l y, as\u00ed, establecer las bases para un abordaje completo y efectivo.<\/p>\n<p>En las visitas sucesivas (unos 60 minutos) revisaremos los resultados logrados y seguiremos aplicando los pasos necesarios para reconducir la situaci\u00f3n de malestar.<\/p>\n<p>[\/et_pb_text][\/et_pb_column][\/et_pb_row][et_pb_row column_structure=\u00bb1_3,1_3,1_3&#8243; _builder_version=\u00bb4.16&#8243; global_colors_info=\u00bb{}\u00bb][et_pb_column type=\u00bb1_3&#8243; _builder_version=\u00bb4.16&#8243; custom_padding=\u00bb|||\u00bb global_colors_info=\u00bb{}\u00bb custom_padding__hover=\u00bb|||\u00bb][et_pb_blurb title=\u00bbProblemas digestivos\u00bb image=\u00bbhttps:\/\/www.marinavidal.es\/wp-content\/uploads\/2021\/12\/icono-diges.png\u00bb image_icon_width=\u00bb80px\u00bb admin_label=\u00bbFeature\u00bb _builder_version=\u00bb4.16&#8243; header_font=\u00bbOpen Sans|600|||||||\u00bb header_text_align=\u00bbcenter\u00bb header_text_color=\u00bb#FFFFFF\u00bb header_font_size=\u00bb18px\u00bb header_line_height=\u00bb1.3em\u00bb body_font=\u00bbOpen Sans||||||||\u00bb body_text_align=\u00bbcenter\u00bb body_text_color=\u00bb#FFFFFF\u00bb body_line_height=\u00bb1.8em\u00bb background_color=\u00bbRGBA(255,255,255,0)\u00bb custom_margin=\u00bb|||\u00bb custom_padding=\u00bb|||\u00bb child_filter_saturate=\u00bb82%\u00bb child_filter_brightness=\u00bb0%\u00bb child_filter_invert=\u00bb100%\u00bb child_mix_blend_mode=\u00bbmultiply\u00bb animation_style=\u00bbfade\u00bb animation=\u00bboff\u00bb link_option_url=\u00bbproblemes-digestius\/\u00bb background_layout_tablet=\u00bbdark\u00bb background_layout_phone=\u00bbdark\u00bb background_layout_last_edited=\u00bbon|desktop\u00bb border_radii=\u00bbon|6px|6px|6px|6px\u00bb border_color_all_image=\u00bb#000000&#8243; image_max_width=\u00bb80px\u00bb global_colors_info=\u00bb{}\u00bb background_layout__hover_enabled=\u00bboff|desktop\u00bb]<\/p>\n<p>Reflujo, digestiones pesadas, diarrea, estre\u00f1imiento, enfermedad de Crohn, intestino irritable, Helicobacter pylori&#8230;<\/p>\n<p><a href=\"problemes-digestius\/\" title=\"Problemas digestivos\">M\u00e1s informaci\u00f3n<\/a><\/p>\n<p>[\/et_pb_blurb][et_pb_blurb title=\u00bbAutoinmunidad\u00bb image=\u00bbhttps:\/\/www.marinavidal.es\/wp-content\/uploads\/2021\/12\/icono-cell-1.png\u00bb image_icon_width=\u00bb80px\u00bb admin_label=\u00bbFeature\u00bb _builder_version=\u00bb4.16&#8243; header_font=\u00bbPoppins|600|||||||\u00bb header_text_align=\u00bbcenter\u00bb header_text_color=\u00bb#FFFFFF\u00bb header_font_size=\u00bb18px\u00bb header_line_height=\u00bb1.3em\u00bb body_font=\u00bbOpen Sans||||||||\u00bb body_text_align=\u00bbcenter\u00bb body_text_color=\u00bb#FFFFFF\u00bb body_line_height=\u00bb1.8em\u00bb background_layout=\u00bbdark\u00bb custom_margin=\u00bb|||\u00bb custom_padding=\u00bb|||\u00bb child_filter_invert=\u00bb100%\u00bb animation_style=\u00bbfade\u00bb animation=\u00bboff\u00bb link_option_url=\u00bb\/autoimmunitat\/\u00bb border_radii=\u00bbon|6px|6px|6px|6px\u00bb image_max_width=\u00bb80px\u00bb global_colors_info=\u00bb{}\u00bb]<\/p>\n<p>Psoriasis, artritis reumatoide, hipotiroidismo de Hashimoto, celiaqu\u00eda, esclerosis m\u00faltiple&#8230;<\/p>\n<p><a href=\"https:\/\/www.marinavidal.es\/es\/autoinmuunidad\/\" title=\"M\u00e1s informaci\u00f3n sobre autoinmunidad\">M\u00e1s informaci\u00f3n<\/a><\/p>\n<p>[\/et_pb_blurb][et_pb_blurb title=\u00bbFibromialgia,\u00bb image=\u00bbhttps:\/\/www.marinavidal.es\/wp-content\/uploads\/2022\/01\/icono-fibro-1.png\u00bb image_icon_width=\u00bb80px\u00bb admin_label=\u00bbFeature\u00bb _builder_version=\u00bb4.16&#8243; header_font=\u00bbPoppins|600|||||||\u00bb header_text_align=\u00bbcenter\u00bb header_text_color=\u00bb#FFFFFF\u00bb header_font_size=\u00bb18px\u00bb header_line_height=\u00bb1.3em\u00bb body_font=\u00bbOpen Sans||||||||\u00bb body_text_align=\u00bbcenter\u00bb body_text_color=\u00bb#FFFFFF\u00bb body_line_height=\u00bb1.8em\u00bb background_layout=\u00bbdark\u00bb custom_margin=\u00bb|||\u00bb custom_padding=\u00bb|||\u00bb child_filter_saturate=\u00bb0%\u00bb child_filter_contrast=\u00bb101%\u00bb child_filter_invert=\u00bb100%\u00bb animation_style=\u00bbfade\u00bb animation=\u00bboff\u00bb link_option_url=\u00bb\/fibromialgia-fatiga-cronica-dolor-cronic\/\u00bb border_radii=\u00bbon|6px|6px|6px|6px\u00bb border_color_all_image=\u00bbRGBA(255,255,255,0)\u00bb image_max_width=\u00bb80px\u00bb global_colors_info=\u00bb{}\u00bb]<\/p>\n<p>fatiga cr\u00f3nica, dolor cr\u00f3nico&#8230;<\/p>\n<p><a href=\"https:\/\/www.marinavidal.es\/es\/fibromialgia-fatiga-cronica-dolor-cronico\/\" title=\"M\u00e1s informaci\u00f3n sobre fibromialgia, fatiga cr\u00f3nica...\">M\u00e1s informaci\u00f3n<\/a><\/p>\n<p>[\/et_pb_blurb][et_pb_blurb title=\u00bbAlteraciones hormonales\u00bb image=\u00bbhttps:\/\/www.marinavidal.es\/wp-content\/uploads\/2022\/01\/icono-hormonas.png\u00bb image_icon_width=\u00bb80px\u00bb admin_label=\u00bbFeature\u00bb _builder_version=\u00bb4.16&#8243; header_font=\u00bbPoppins|600|||||||\u00bb header_text_align=\u00bbcenter\u00bb header_text_color=\u00bb#FFFFFF\u00bb header_font_size=\u00bb18px\u00bb header_line_height=\u00bb1.3em\u00bb body_font=\u00bbOpen Sans||||||||\u00bb body_text_align=\u00bbcenter\u00bb body_text_color=\u00bb#FFFFFF\u00bb body_line_height=\u00bb1.8em\u00bb background_layout=\u00bbdark\u00bb custom_margin=\u00bb|||\u00bb custom_padding=\u00bb|||\u00bb child_filter_saturate=\u00bb0%\u00bb child_filter_contrast=\u00bb101%\u00bb child_filter_invert=\u00bb100%\u00bb animation_style=\u00bbfade\u00bb animation=\u00bboff\u00bb link_option_url=\u00bb\/problemes-hormonals\/\u00bb border_radii=\u00bbon|6px|6px|6px|6px\u00bb border_color_all_image=\u00bbRGBA(255,255,255,0)\u00bb image_max_width=\u00bb80px\u00bb global_colors_info=\u00bb{}\u00bb]<\/p>\n<p>Hipotiroidismo, problemas menstruales, malestar asociado a la menopausia, s\u00edndrome del ovario poliqu\u00edstico&#8230;<\/p>\n<p><a href=\"https:\/\/www.marinavidal.es\/es\/problemas-hormonales\/\" title=\"M\u00e1s informaci\u00f3n sobre problemas hormonales\">M\u00e1s informaci\u00f3n<\/a><\/p>\n<p>[\/et_pb_blurb][\/et_pb_column][et_pb_column type=\u00bb1_3&#8243; _builder_version=\u00bb4.16&#8243; custom_padding=\u00bb|||\u00bb global_colors_info=\u00bb{}\u00bb custom_padding__hover=\u00bb|||\u00bb][et_pb_image src=\u00bbhttps:\/\/www.marinavidal.es\/wp-content\/uploads\/2021\/12\/medical-6.png\u00bb title_text=\u00bbmedical\u00bb align=\u00bbcenter\u00bb force_fullwidth=\u00bbon\u00bb src_tablet=\u00bb\u00bb src_phone=\u00bb\u00bb src_last_edited=\u00bbon|tablet\u00bb align_tablet=\u00bbcenter\u00bb align_phone=\u00bb\u00bb align_last_edited=\u00bbon|desktop\u00bb disabled_on=\u00bbon|off|off\u00bb _builder_version=\u00bb4.16&#8243; custom_margin=\u00bb|||4px||\u00bb custom_padding=\u00bb|0px||||\u00bb animation_style=\u00bbfade\u00bb custom_css_main_element=\u00bbmargin-top:100px;\u00bb global_colors_info=\u00bb{}\u00bb][\/et_pb_image][\/et_pb_column][et_pb_column type=\u00bb1_3&#8243; _builder_version=\u00bb4.16&#8243; custom_padding=\u00bb|||\u00bb global_colors_info=\u00bb{}\u00bb custom_padding__hover=\u00bb|||\u00bb][et_pb_blurb title=\u00bbObesidad, diabetes,\u00bb image=\u00bbhttps:\/\/www.marinavidal.es\/wp-content\/uploads\/2021\/12\/icono-bascula-1.png\u00bb image_icon_width=\u00bb80px\u00bb admin_label=\u00bbFeature\u00bb _builder_version=\u00bb4.16&#8243; header_font=\u00bbPoppins|600|||||||\u00bb header_text_align=\u00bbcenter\u00bb header_text_color=\u00bb#FFFFFF\u00bb header_font_size=\u00bb18px\u00bb header_line_height=\u00bb1.3em\u00bb body_font=\u00bbOpen Sans||||||||\u00bb body_text_align=\u00bbcenter\u00bb body_text_color=\u00bb#FFFFFF\u00bb body_line_height=\u00bb1.8em\u00bb custom_margin=\u00bb|||\u00bb custom_padding=\u00bb|||\u00bb child_filter_invert=\u00bb100%\u00bb animation_style=\u00bbfade\u00bb animation=\u00bboff\u00bb link_option_url=\u00bb\/obesitat-diabetis\/\u00bb border_radii=\u00bbon|6px|6px|6px|6px\u00bb image_max_width=\u00bb80px\u00bb global_colors_info=\u00bb{}\u00bb]<\/p>\n<p>resistencia a la insulina o prediabetes, h\u00edgado graso, hipertensi\u00f3n arterial&#8230;<\/p>\n<p><a href=\"https:\/\/www.marinavidal.es\/es\/obesidad-diabetes\/\" title=\"M\u00e1s informaci\u00f3n sobre obesidad, diabetes...\">M\u00e1s informaci\u00f3n<\/a><\/p>\n<p>[\/et_pb_blurb][et_pb_blurb title=\u00bbProblemas de piel\u00bb image=\u00bbhttps:\/\/www.marinavidal.es\/wp-content\/uploads\/2021\/12\/icono-skin.png\u00bb image_icon_width=\u00bb80px\u00bb admin_label=\u00bbFeature\u00bb _builder_version=\u00bb4.16&#8243; header_font=\u00bbPoppins|600|||||||\u00bb header_text_align=\u00bbcenter\u00bb header_text_color=\u00bb#FFFFFF\u00bb header_font_size=\u00bb18px\u00bb header_line_height=\u00bb1.3em\u00bb body_font=\u00bbOpen Sans||||||||\u00bb body_text_align=\u00bbcenter\u00bb body_text_color=\u00bb#FFFFFF\u00bb body_line_height=\u00bb1.8em\u00bb custom_margin=\u00bb|||\u00bb custom_padding=\u00bb|||\u00bb child_filter_contrast=\u00bb200%\u00bb child_filter_invert=\u00bb100%\u00bb animation_style=\u00bbfade\u00bb animation=\u00bboff\u00bb link_option_url=\u00bb\/problemes-de-pell\/\u00bb border_radii=\u00bbon|6px|6px|6px|6px\u00bb image_max_width=\u00bb80px\u00bb global_colors_info=\u00bb{}\u00bb]<\/p>\n<p>Acn\u00e9, dermatitis at\u00f3pica, dermatitis seborreica, eczema&#8230;<\/p>\n<p><a href=\"https:\/\/www.marinavidal.es\/es\/problemas-de-piel\/\" title=\"M\u00e1s informaci\u00f3n sobre problemas de piel\">M\u00e1s informaci\u00f3n<\/a><\/p>\n<p>[\/et_pb_blurb][et_pb_blurb title=\u00bbMigra\u00f1a,\u00bb image=\u00bbhttps:\/\/www.marinavidal.es\/wp-content\/uploads\/2022\/01\/icono-migranya.png\u00bb image_icon_width=\u00bb80px\u00bb admin_label=\u00bbFeature\u00bb _builder_version=\u00bb4.16&#8243; header_font=\u00bbPoppins|600|||||||\u00bb header_text_align=\u00bbcenter\u00bb header_text_color=\u00bb#FFFFFF\u00bb header_font_size=\u00bb18px\u00bb header_line_height=\u00bb1.3em\u00bb body_font=\u00bbOpen Sans||||||||\u00bb body_text_align=\u00bbcenter\u00bb body_text_color=\u00bb#FFFFFF\u00bb body_line_height=\u00bb1.8em\u00bb custom_margin=\u00bb|||\u00bb custom_padding=\u00bb|||\u00bb child_filter_invert=\u00bb100%\u00bb animation_style=\u00bbfade\u00bb animation=\u00bboff\u00bb link_option_url=\u00bb\/migranya-cefalea-tensional\/\u00bb border_radii=\u00bbon|6px|6px|6px|6px\u00bb image_max_width=\u00bb80px\u00bb global_colors_info=\u00bb{}\u00bb]<\/p>\n<p>cefalea tensional&#8230;<\/p>\n<p><a href=\"https:\/\/www.marinavidal.es\/es\/migrana-cefalea-tensional\/\" title=\"M\u00e1s informaci\u00f3n sobre migra\u00f1a, cefalea tensional...\">M\u00e1s informaci\u00f3n<\/a><\/p>\n<p>[\/et_pb_blurb][et_pb_blurb title=\u00bbOtros\u00bb image=\u00bbhttps:\/\/www.marinavidal.es\/wp-content\/uploads\/2021\/12\/icono-corazon.png\u00bb image_icon_width=\u00bb80px\u00bb admin_label=\u00bbFeature\u00bb _builder_version=\u00bb4.16&#8243; header_font=\u00bbPoppins|600|||||||\u00bb header_text_align=\u00bbcenter\u00bb header_text_color=\u00bb#FFFFFF\u00bb header_font_size=\u00bb18px\u00bb header_line_height=\u00bb1.3em\u00bb body_font=\u00bbOpen Sans||||||||\u00bb body_text_align=\u00bbcenter\u00bb body_text_color=\u00bb#FFFFFF\u00bb body_line_height=\u00bb1.8em\u00bb custom_margin=\u00bb|||\u00bb custom_padding=\u00bb|||\u00bb child_filter_invert=\u00bb100%\u00bb animation_style=\u00bbfade\u00bb animation=\u00bboff\u00bb link_option_url=\u00bb\/altres\/\u00bb border_radii=\u00bbon|6px|6px|6px|6px\u00bb image_max_width=\u00bb80px\u00bb global_colors_info=\u00bb{}\u00bb]<\/p>\n<p>Infecciones repetitivas, cansancio cr\u00f3nico, alergias, ansiedad, depresi\u00f3n\u2026<\/p>\n<p><a href=\"https:\/\/www.marinavidal.es\/es\/otras\/\" title=\"M\u00e1s informaci\u00f3n sobre infecciones repetitivas, cansacio cr\u00f3nico, alergias, ansiedad, depresi\u00f3n...\">M\u00e1s informaci\u00f3n<\/a><\/p>\n<p>[\/et_pb_blurb][\/et_pb_column][\/et_pb_row][\/et_pb_section][et_pb_section fb_built=\u00bb1&#8243; admin_label=\u00bbOur Classes Section\u00bb module_id=\u00bbprincipis\u00bb _builder_version=\u00bb4.16&#8243; background_color=\u00bb#FFFFFF\u00bb use_background_color_gradient=\u00bbon\u00bb background_color_gradient_direction=\u00bb45deg\u00bb background_color_gradient_stops=\u00bb#753dbd 0%|rgba(117,61,189,0.69) 100%\u00bb background_color_gradient_start=\u00bb#753dbd\u00bb background_color_gradient_end=\u00bbrgba(117,61,189,0.69)\u00bb background_enable_image=\u00bboff\u00bb background_size=\u00bbcontain\u00bb background_position=\u00bbbottom_left\u00bb background_blend=\u00bbmultiply\u00bb custom_padding=\u00bb58px|0px|110px|0px||\u00bb global_colors_info=\u00bb{}\u00bb][et_pb_row _builder_version=\u00bb4.16&#8243; global_colors_info=\u00bb{}\u00bb][et_pb_column type=\u00bb4_4&#8243; _builder_version=\u00bb4.16&#8243; custom_padding=\u00bb|||\u00bb global_colors_info=\u00bb{}\u00bb custom_padding__hover=\u00bb|||\u00bb][et_pb_text _builder_version=\u00bb4.16&#8243; text_font=\u00bb||||||||\u00bb header_font=\u00bb||||||||\u00bb header_text_align=\u00bbcenter\u00bb header_3_font=\u00bbPoppins|600|||||||\u00bb header_3_text_color=\u00bb#44d89e\u00bb header_3_font_size=\u00bb36px\u00bb header_3_line_height=\u00bb1.4em\u00bb text_orientation=\u00bbcenter\u00bb custom_padding=\u00bb2px|||||\u00bb inline_fonts=\u00bbDM Serif Display\u00bb global_colors_info=\u00bb{}\u00bb]<\/p>\n<h2><span style=\"color: #fff; font-family: DM Serif Display; font-weight: normal; font-size: 45px;\">Mis principios<\/span><\/h2>\n<p>[\/et_pb_text][\/et_pb_column][\/et_pb_row][et_pb_row column_structure=\u00bb1_3,1_3,1_3&#8243; use_custom_gutter=\u00bbon\u00bb gutter_width=\u00bb2&#8243; column_padding_mobile=\u00bbon\u00bb custom_padding_last_edited=\u00bbon|phone\u00bb admin_label=\u00bbRow\u00bb _builder_version=\u00bb4.16&#8243; background_size=\u00bbinitial\u00bb background_position=\u00bbtop_left\u00bb background_repeat=\u00bbrepeat\u00bb custom_padding=\u00bb|||\u00bb custom_padding_tablet=\u00bb49px|||\u00bb custom_padding_phone=\u00bb19px|||\u00bb global_colors_info=\u00bb{}\u00bb][et_pb_column type=\u00bb1_3&#8243; _builder_version=\u00bb4.16&#8243; custom_padding=\u00bb|||\u00bb global_colors_info=\u00bb{}\u00bb custom_padding__hover=\u00bb|||\u00bb][et_pb_blurb title=\u00bbAutoexigencia\u00bb image=\u00bbhttps:\/\/www.marinavidal.es\/wp-content\/uploads\/2021\/12\/tasklist.png\u00bb admin_label=\u00bbClass\u00bb _builder_version=\u00bb4.16&#8243; header_font=\u00bbPoppins|600|||||||\u00bb header_text_align=\u00bbcenter\u00bb header_text_color=\u00bb#486066&#8243; header_font_size=\u00bb18px\u00bb header_line_height=\u00bb1.3em\u00bb body_font=\u00bbOpen Sans||||||||\u00bb body_text_align=\u00bbcenter\u00bb body_text_color=\u00bb#486066&#8243; body_line_height=\u00bb1.8em\u00bb background_color=\u00bb#ffffff\u00bb custom_margin=\u00bb|||\u00bb custom_padding=\u00bb40px|30px|40px|30px\u00bb animation_style=\u00bbfade\u00bb animation=\u00bboff\u00bb border_radii=\u00bbon|6px|6px|6px|6px\u00bb box_shadow_style=\u00bbpreset1&#8243; box_shadow_vertical=\u00bb10px\u00bb box_shadow_blur=\u00bb24px\u00bb box_shadow_spread=\u00bb6px\u00bb box_shadow_color=\u00bbrgba(0,0,0,0.06)\u00bb global_colors_info=\u00bb{}\u00bb]<\/p>\n<p><span>Para ofrecerte el mejor tratamiento en cada momento.<\/span><\/p>\n<p>[\/et_pb_blurb][\/et_pb_column][et_pb_column type=\u00bb1_3&#8243; _builder_version=\u00bb4.16&#8243; custom_padding=\u00bb|||\u00bb global_colors_info=\u00bb{}\u00bb custom_padding__hover=\u00bb|||\u00bb][et_pb_blurb title=\u00bbEmpat\u00eda\u00bb image=\u00bbhttps:\/\/www.marinavidal.es\/wp-content\/uploads\/2021\/12\/talk.png\u00bb admin_label=\u00bbClass\u00bb _builder_version=\u00bb4.18.0&#8243; header_font=\u00bbPoppins|600|||||||\u00bb header_text_align=\u00bbcenter\u00bb header_text_color=\u00bb#486066&#8243; header_font_size=\u00bb18px\u00bb header_line_height=\u00bb1.3em\u00bb body_font=\u00bbOpen Sans||||||||\u00bb body_text_align=\u00bbcenter\u00bb body_text_color=\u00bb#486066&#8243; body_line_height=\u00bb1.8em\u00bb background_color=\u00bb#ffffff\u00bb custom_margin=\u00bb|||\u00bb custom_padding=\u00bb40px|30px|40px|30px\u00bb animation_style=\u00bbfade\u00bb animation_delay=\u00bb100ms\u00bb animation=\u00bboff\u00bb border_radii=\u00bbon|6px|6px|6px|6px\u00bb box_shadow_style=\u00bbpreset1&#8243; box_shadow_vertical=\u00bb10px\u00bb box_shadow_blur=\u00bb24px\u00bb box_shadow_spread=\u00bb6px\u00bb box_shadow_color=\u00bbrgba(0,0,0,0.06)\u00bb global_colors_info=\u00bb{}\u00bb]<\/p>\n<p><span>Para escucharte y entender tu realidad.<\/span><\/p>\n<p><span><\/span><\/p>\n<p><span><\/span><\/p>\n<p>[\/et_pb_blurb][\/et_pb_column][et_pb_column type=\u00bb1_3&#8243; _builder_version=\u00bb4.16&#8243; custom_padding=\u00bb|||\u00bb global_colors_info=\u00bb{}\u00bb custom_padding__hover=\u00bb|||\u00bb][et_pb_blurb title=\u00bbVisi\u00f3n hol\u00edstica\u00bb image=\u00bbhttps:\/\/www.marinavidal.es\/wp-content\/uploads\/2021\/12\/holistica2.png\u00bb admin_label=\u00bbClass\u00bb _builder_version=\u00bb4.16&#8243; header_font=\u00bbPoppins|600|||||||\u00bb header_text_align=\u00bbcenter\u00bb header_text_color=\u00bb#486066&#8243; header_font_size=\u00bb18px\u00bb header_line_height=\u00bb1.3em\u00bb body_font=\u00bbOpen Sans||||||||\u00bb body_text_align=\u00bbcenter\u00bb body_text_color=\u00bb#486066&#8243; body_line_height=\u00bb1.8em\u00bb background_color=\u00bb#ffffff\u00bb custom_margin=\u00bb|||\u00bb custom_padding=\u00bb40px|30px|40px|30px\u00bb animation_style=\u00bbfade\u00bb animation_delay=\u00bb200ms\u00bb animation=\u00bboff\u00bb border_radii=\u00bbon|6px|6px|6px|6px\u00bb box_shadow_style=\u00bbpreset1&#8243; box_shadow_vertical=\u00bb10px\u00bb box_shadow_blur=\u00bb24px\u00bb box_shadow_spread=\u00bb6px\u00bb box_shadow_color=\u00bbrgba(0,0,0,0.06)\u00bb global_colors_info=\u00bb{}\u00bb]<\/p>\n<p><span>Porque eres una persona \u00fanica, no un diagn\u00f3stico.<\/span><\/p>\n<p>[\/et_pb_blurb][\/et_pb_column][\/et_pb_row][\/et_pb_section][et_pb_section fb_built=\u00bb1&#8243; admin_label=\u00bbTestimonials Section\u00bb module_id=\u00bbopinions\u00bb _builder_version=\u00bb4.16&#8243; background_color_gradient_direction=\u00bb45deg\u00bb background_color_gradient_start=\u00bb#753dbd\u00bb background_color_gradient_end=\u00bb#9f84bc\u00bb background_image=\u00bbhttps:\/\/www.marinavidal.es\/wp-content\/uploads\/2021\/12\/undraw_Respond_re_iph2.png\u00bb background_size=\u00bbcontain\u00bb background_position=\u00bbcenter_right\u00bb background_blend=\u00bbmultiply\u00bb custom_padding=\u00bb32px|0px|110px|0px||\u00bb global_colors_info=\u00bb{}\u00bb][et_pb_row _builder_version=\u00bb4.16&#8243; locked=\u00bboff\u00bb global_colors_info=\u00bb{}\u00bb][et_pb_column type=\u00bb4_4&#8243; _builder_version=\u00bb4.16&#8243; custom_padding=\u00bb|||\u00bb global_colors_info=\u00bb{}\u00bb custom_padding__hover=\u00bb|||\u00bb][et_pb_text _builder_version=\u00bb4.16&#8243; _module_preset=\u00bb870064e3-0f51-4956-a39c-0040fdd1f6c0&#8243; header_text_align=\u00bbcenter\u00bb background_enable_image=\u00bboff\u00bb text_orientation=\u00bbcenter\u00bb background_layout=\u00bbdark\u00bb min_height=\u00bb67px\u00bb custom_padding=\u00bb||0px|||\u00bb inline_fonts=\u00bbDM Serif Display\u00bb global_colors_info=\u00bb{}\u00bb]<\/p>\n<h2><span style=\"font-family: DM Serif Display; font-size: 45px; color: #753dbd;\">Opiniones<\/span><\/h2>\n<p>[\/et_pb_text][\/et_pb_column][\/et_pb_row][et_pb_row use_custom_gutter=\u00bbon\u00bb gutter_width=\u00bb2&#8243; column_padding_mobile=\u00bbon\u00bb custom_padding_last_edited=\u00bbon|phone\u00bb admin_label=\u00bbRow\u00bb _builder_version=\u00bb4.16&#8243; background_size=\u00bbinitial\u00bb background_position=\u00bbtop_left\u00bb background_repeat=\u00bbrepeat\u00bb custom_padding=\u00bb|||\u00bb custom_padding_tablet=\u00bb49px|||\u00bb custom_padding_phone=\u00bb19px|||\u00bb global_colors_info=\u00bb{}\u00bb][et_pb_column type=\u00bb4_4&#8243; _builder_version=\u00bb4.16&#8243; custom_padding=\u00bb|||\u00bb global_colors_info=\u00bb{}\u00bb custom_padding__hover=\u00bb|||\u00bb][et_pb_testimonial author=\u00bbMaria\u00bb quote_icon=\u00bboff\u00bb portrait_width=\u00bb50px\u00bb portrait_height=\u00bb50px\u00bb _builder_version=\u00bb4.16&#8243; body_font=\u00bbOpen Sans||||||||\u00bb body_text_color=\u00bb#486066&#8243; body_font_size=\u00bb15px\u00bb body_line_height=\u00bb1.8em\u00bb background_color=\u00bbrgba(255,255,255,0.94)\u00bb animation_style=\u00bbfade\u00bb border_radii=\u00bbon|6px|6px|6px|6px\u00bb box_shadow_style=\u00bbpreset1&#8243; box_shadow_vertical=\u00bb10px\u00bb box_shadow_blur=\u00bb24px\u00bb box_shadow_spread=\u00bb6px\u00bb box_shadow_color=\u00bbrgba(0,0,0,0.06)\u00bb locked=\u00bboff\u00bb global_colors_info=\u00bb{}\u00bb]<\/p>\n<p>\u00abEstoy muy contenta porque he bajado una talla, tengo m\u00e1s energ\u00eda y me voy desinflamando. Marina es muy buena profesional: me encanta su forma de combinar la medicina tradicional con la natural. Me siento \u00fanica y su disponibilidad me da la seguridad de que estoy haciendo lo correcto por mi salud.\u00bb<\/p>\n<p>[\/et_pb_testimonial][et_pb_testimonial author=\u00bbE.A.\u00bb quote_icon=\u00bboff\u00bb portrait_width=\u00bb50px\u00bb portrait_height=\u00bb50px\u00bb _builder_version=\u00bb4.16&#8243; body_font=\u00bbOpen Sans||||||||\u00bb body_text_color=\u00bb#486066&#8243; body_font_size=\u00bb15px\u00bb body_line_height=\u00bb1.8em\u00bb background_color=\u00bbrgba(255,255,255,0.94)\u00bb animation_style=\u00bbfade\u00bb border_radii=\u00bbon|6px|6px|6px|6px\u00bb box_shadow_style=\u00bbpreset1&#8243; box_shadow_vertical=\u00bb10px\u00bb box_shadow_blur=\u00bb24px\u00bb box_shadow_spread=\u00bb6px\u00bb box_shadow_color=\u00bbrgba(0,0,0,0.06)\u00bb locked=\u00bboff\u00bb global_colors_info=\u00bb{}\u00bb]<\/p>\n<p>\u00ab<span class=\"VIiyi\" jsaction=\"mouseup:BR6jm\" jsname=\"jqKxS\" lang=\"ca\"><span jsaction=\"agoMJf:PFBcW;usxOmf:aWLT7;jhKsnd:P7O7bd,F8DmGf;Q4AGo:Gm7gYd,qAKMYb;uFUCPb:pvnm0e,pfE8Hb,PFBcW;f56efd:dJXsye;EnoYf:KNzws,ZJsZZ,JgVSJc;zdMJQc:cCQNKb,ZJsZZ,zchEXc;Ytrrj:JJDvdc;tNR8yc:GeFvjb;oFN6Ye:hij5Wb;bmeZHc:iURhpf;Oxj3Xe:qAKMYb,yaf12d\" jsname=\"txFAF\" class=\"JLqJ4b ChMk0b\" data-language-for-alternatives=\"ca\" data-language-to-translate-into=\"es\" data-phrase-index=\"0\" data-number-of-phrases=\"3\" jscontroller=\"Zl5N8\" jsdata=\"uqLsIf;_;$37\" jsmodel=\"SsMkhd\"><span jsaction=\"click:qtZ4nf,GFf3ac,tMZCfe; contextmenu:Nqw7Te,QP7LD; mouseout:Nqw7Te; mouseover:qtZ4nf,c2aHje\" jsname=\"W297wb\">Mis m\u00e9dicos habituales me propusieron inmunosuprimirme por tratar mi artritis. <\/span><\/span> <span jsaction=\"agoMJf:PFBcW;usxOmf:aWLT7;jhKsnd:P7O7bd,F8DmGf;Q4AGo:Gm7gYd,qAKMYb;uFUCPb:pvnm0e,pfE8Hb,PFBcW;f56efd:dJXsye;EnoYf:KNzws,ZJsZZ,JgVSJc;zdMJQc:cCQNKb,ZJsZZ,zchEXc;Ytrrj:JJDvdc;tNR8yc:GeFvjb;oFN6Ye:hij5Wb;bmeZHc:iURhpf;Oxj3Xe:qAKMYb,yaf12d\" jsname=\"txFAF\" class=\"JLqJ4b ChMk0b\" data-language-for-alternatives=\"ca\" data-language-to-translate-into=\"es\" data-phrase-index=\"1\" data-number-of-phrases=\"3\" jscontroller=\"Zl5N8\" jsdata=\"uqLsIf;_;$38\" jsmodel=\"SsMkhd\"><span jsaction=\"click:qtZ4nf,GFf3ac,tMZCfe; contextmenu:Nqw7Te,QP7LD; mouseout:Nqw7Te; mouseover:qtZ4nf,c2aHje\" jsname=\"W297wb\">La doctora Marina Vidal me propuso un tratamiento con alimentaci\u00f3n, suplementos y ejercicio, que me ha permitido estar sano. <\/span><\/span> <span jsaction=\"agoMJf:PFBcW;usxOmf:aWLT7;jhKsnd:P7O7bd,F8DmGf;Q4AGo:Gm7gYd,qAKMYb;uFUCPb:pvnm0e,pfE8Hb,PFBcW;f56efd:dJXsye;EnoYf:KNzws,ZJsZZ,JgVSJc;zdMJQc:cCQNKb,ZJsZZ,zchEXc;Ytrrj:JJDvdc;tNR8yc:GeFvjb;oFN6Ye:hij5Wb;bmeZHc:iURhpf;Oxj3Xe:qAKMYb,yaf12d\" jsname=\"txFAF\" class=\"JLqJ4b ChMk0b\" data-language-for-alternatives=\"ca\" data-language-to-translate-into=\"es\" data-phrase-index=\"2\" data-number-of-phrases=\"3\" jscontroller=\"Zl5N8\" jsdata=\"uqLsIf;_;$39\" jsmodel=\"SsMkhd\"><span jsaction=\"click:qtZ4nf,GFf3ac,tMZCfe; contextmenu:Nqw7Te,QP7LD; mouseout:Nqw7Te; mouseover:qtZ4nf,c2aHje\" jsname=\"W297wb\">Marina busca la ra\u00edz del problema, es muy did\u00e1ctica y justifica todas sus decisiones <\/span><\/span><\/span>.\u00bb<\/p>\n<p>[\/et_pb_testimonial][et_pb_testimonial author=\u00bbMontse PS\u00bb quote_icon=\u00bboff\u00bb portrait_width=\u00bb50px\u00bb portrait_height=\u00bb50px\u00bb _builder_version=\u00bb4.16&#8243; body_font=\u00bbOpen Sans||||||||\u00bb body_text_color=\u00bb#486066&#8243; body_font_size=\u00bb15px\u00bb body_line_height=\u00bb1.8em\u00bb background_color=\u00bbrgba(255,255,255,0.94)\u00bb animation_style=\u00bbfade\u00bb border_radii=\u00bbon|6px|6px|6px|6px\u00bb box_shadow_style=\u00bbpreset1&#8243; box_shadow_vertical=\u00bb10px\u00bb box_shadow_blur=\u00bb24px\u00bb box_shadow_spread=\u00bb6px\u00bb box_shadow_color=\u00bbrgba(0,0,0,0.06)\u00bb locked=\u00bboff\u00bb global_colors_info=\u00bb{}\u00bb]<\/p>\n<p>\u201cDespu\u00e9s del parto me sali\u00f3 la glucosa glicosilada bastante alterada, la endocrina se limit\u00f3 a decir ejercicio y dieta mediterr\u00e1nea, no contenta con la decisi\u00f3n acud\u00ed a la Dra. Marina Vidal, que me dio consejos nutricionales, h\u00e1bitos, rutinas, ejercicios&#8230; Mucho m\u00e1s que una dieta, acompa\u00f1ado por suplementos. En poco tiempo, mi anal\u00edtica ya se ha regularizado y yo me noto mucho m\u00e1s activa, menos cansada y sobre todo disfrutando del gusto de los alimentos de verdad. Estaba muy enganchada a los az\u00facares y a los hidratos y me estaban haciendo m\u00e1s da\u00f1o de lo que pensaba. Tamb\u00e9 em va recomanar un probiotic per el meu fill de 4 anys i li esta anant molt b\u00e9 i no ens refredem tant.<br \/>Molt contenta d&#8217;aquests canvis, gr\u00e0cies a la Dra.\u00bb<\/p>\n<p>[\/et_pb_testimonial][et_pb_testimonial author=\u00bbRosa\u00bb quote_icon=\u00bboff\u00bb portrait_width=\u00bb50px\u00bb portrait_height=\u00bb50px\u00bb _builder_version=\u00bb4.16&#8243; body_font=\u00bbOpen Sans||||||||\u00bb body_text_color=\u00bb#486066&#8243; body_font_size=\u00bb15px\u00bb body_line_height=\u00bb1.8em\u00bb background_color=\u00bbrgba(255,255,255,0.94)\u00bb animation_style=\u00bbfade\u00bb border_radii=\u00bbon|6px|6px|6px|6px\u00bb box_shadow_style=\u00bbpreset1&#8243; box_shadow_vertical=\u00bb10px\u00bb box_shadow_blur=\u00bb24px\u00bb box_shadow_spread=\u00bb6px\u00bb box_shadow_color=\u00bbrgba(0,0,0,0.06)\u00bb locked=\u00bboff\u00bb global_colors_info=\u00bb{}\u00bb]<\/p>\n<p>\u00abVisita muy atenta y completa. Indicaciones claras y motivadoras.\u00bb<\/p>\n<p>[\/et_pb_testimonial][\/et_pb_column][\/et_pb_row][\/et_pb_section][et_pb_section fb_built=\u00bb1&#8243; module_id=\u00bbcontacte\u00bb _builder_version=\u00bb4.16&#8243; _module_preset=\u00bbdefault\u00bb use_background_color_gradient=\u00bbon\u00bb background_color_gradient_direction=\u00bb45deg\u00bb background_color_gradient_stops=\u00bb#2d2d2d 0%|#3a3a3a 100%\u00bb background_color_gradient_start=\u00bb#2d2d2d\u00bb background_color_gradient_end=\u00bb#3a3a3a\u00bb global_colors_info=\u00bb{}\u00bb][et_pb_row _builder_version=\u00bb4.16&#8243; _module_preset=\u00bbdefault\u00bb global_colors_info=\u00bb{}\u00bb][et_pb_column type=\u00bb4_4&#8243; _builder_version=\u00bb4.16&#8243; _module_preset=\u00bbdefault\u00bb global_colors_info=\u00bb{}\u00bb][et_pb_text _builder_version=\u00bb4.16&#8243; _module_preset=\u00bbdefault\u00bb global_colors_info=\u00bb{}\u00bb]<\/p>\n<h2 style=\"text-align: center;\"><span style=\"font-family: DM Serif Display; font-size: 45px; color: #fff;\">Contacto<\/span><\/h2>\n<p>[\/et_pb_text][\/et_pb_column][\/et_pb_row][et_pb_row column_structure=\u00bb1_3,1_3,1_3&#8243; _builder_version=\u00bb4.16&#8243; _module_preset=\u00bbdefault\u00bb global_colors_info=\u00bb{}\u00bb][et_pb_column type=\u00bb1_3&#8243; _builder_version=\u00bb4.16&#8243; _module_preset=\u00bbdefault\u00bb global_colors_info=\u00bb{}\u00bb][\/et_pb_column][et_pb_column type=\u00bb1_3&#8243; _builder_version=\u00bb4.16&#8243; _module_preset=\u00bbdefault\u00bb global_colors_info=\u00bb{}\u00bb][et_pb_text _builder_version=\u00bb4.18.0&#8243; _module_preset=\u00bbdefault\u00bb global_colors_info=\u00bb{}\u00bb]<\/p>\n<div class=\"et_pb_module et_pb_blurb et_pb_blurb_0_tb_footer et_pb_text_align_left et_pb_blurb_position_left et_pb_bg_layout_light\">\n<div class=\"et_pb_blurb_content\">\n<div class=\"et_pb_main_blurb_image\"><span class=\"et_pb_image_wrap\" style=\"color: #ffffff; font-family: Open Sans;\"><span class=\"et_pb_animation_top et_pb_animation_top_tablet et_pb_animation_top_phone et-pb-icon et-animated et_had_animation\">\ue010<\/span><\/span><\/div>\n<div class=\"et_pb_blurb_container\">\n<div class=\"et_pb_blurb_description\">\n<p><span style=\"font-family: Open Sans;\"><a href=\"mailto:info@marinavidal.es\"><span style=\"color: #ffffff;\">info@marinavidal.es<\/span><\/a><\/span><\/p>\n<\/div>\n<\/div>\n<\/div>\n<\/div>\n<div class=\"et_pb_module et_pb_blurb et_pb_blurb_1_tb_footer et_pb_text_align_left et_pb_blurb_position_left et_pb_bg_layout_light\">\n<div class=\"et_pb_blurb_content\">\n<div class=\"et_pb_main_blurb_image\"><span class=\"et_pb_image_wrap\" style=\"color: #ffffff; font-family: Open Sans;\"><span class=\"et_pb_animation_top et_pb_animation_top_tablet et_pb_animation_top_phone et-pb-icon et-animated et_had_animation\">\ue00b<\/span><\/span><\/div>\n<div class=\"et_pb_blurb_container\">\n<div class=\"et_pb_blurb_description\">\n<p><span style=\"font-family: Open Sans;\"><span style=\"color: #ffffff!important;\"><a href=\"tel:644237154\" style=\"color: white!important;\">644 237 154<\/a> (Whatsapp)<\/span><span style=\"color: #ffffff;\"><strong><\/strong><\/span><span style=\"color: #ffffff;\"><\/span><\/span><\/p>\n<\/div>\n<\/div>\n<\/div>\n<\/div>\n<div class=\"et_pb_module et_pb_blurb et_pb_blurb_3_tb_footer et_pb_text_align_left et_pb_blurb_position_left et_pb_bg_layout_light\">\n<div class=\"et_pb_blurb_content\">\n<div class=\"et_pb_main_blurb_image\"><span class=\"et_pb_image_wrap\" style=\"color: #ffffff; font-family: Open Sans;\"><span class=\"et_pb_animation_top et_pb_animation_top_tablet et_pb_animation_top_phone et-pb-icon et-animated et_had_animation\">\ue0b1<\/span><\/span><\/div>\n<div class=\"et_pb_blurb_container\">\n<div class=\"et_pb_blurb_description\">\n<p><span style=\"color: #ffffff; font-family: Open Sans;\"><a style=\"color: #ffffff;\" href=\"https:\/\/instagram.com\/dra.marinavidal\" target=\"_blank\" rel=\"noopener\">@dra.marinavidal<\/a><\/span><\/p>\n<\/div>\n<\/div>\n<\/div>\n<\/div>\n<p>[\/et_pb_text][\/et_pb_column][et_pb_column type=\u00bb1_3&#8243; _builder_version=\u00bb4.16&#8243; _module_preset=\u00bbdefault\u00bb global_colors_info=\u00bb{}\u00bb][\/et_pb_column][\/et_pb_row][et_pb_row _builder_version=\u00bb4.16&#8243; _module_preset=\u00bbdefault\u00bb global_colors_info=\u00bb{}\u00bb][et_pb_column type=\u00bb4_4&#8243; _builder_version=\u00bb4.16&#8243; _module_preset=\u00bbdefault\u00bb global_colors_info=\u00bb{}\u00bb][et_pb_text _builder_version=\u00bb4.16&#8243; _module_preset=\u00bbdefault\u00bb global_colors_info=\u00bb{}\u00bb]<\/p>\n<h2 style=\"text-align: center;\"><span style=\"font-family: DM Serif Display; font-size: 45px; color: #fff;\">Lleida<\/span><\/h2>\n<p>[\/et_pb_text][\/et_pb_column][\/et_pb_row][et_pb_row column_structure=\u00bb2_3,1_3&#8243; _builder_version=\u00bb4.16&#8243; _module_preset=\u00bbdefault\u00bb global_colors_info=\u00bb{}\u00bb][et_pb_column type=\u00bb2_3&#8243; _builder_version=\u00bb4.16&#8243; _module_preset=\u00bbdefault\u00bb global_colors_info=\u00bb{}\u00bb][et_pb_code _builder_version=\u00bb4.16&#8243; _module_preset=\u00bbdefault\u00bb custom_margin=\u00bb|4px||||\u00bb animation_style=\u00bbfade\u00bb box_shadow_style=\u00bbpreset3&#8243; global_colors_info=\u00bb{}\u00bb]<iframe src=\"https:\/\/www.google.com\/maps\/embed?pb=!1m18!1m12!1m3!1d2982.556088142769!2d0.6168769158562167!3d41.62211007924345!2m3!1f0!2f0!3f0!3m2!1i1024!2i768!4f13.1!3m3!1m2!1s0x12a6e1622d1d6863%3A0xf18eb43b212ee0fe!2sMarina%20Vidal.%20Medicina%20Integrativa.%20Psiconeuroimmunologia!5e0!3m2!1ses!2ses!4v1640343742720!5m2!1ses!2ses\" width=\"600\" height=\"450\" style=\"border:0;\" allowfullscreen=\"\" loading=\"lazy\"><\/iframe>[\/et_pb_code][\/et_pb_column][et_pb_column type=\u00bb1_3&#8243; _builder_version=\u00bb4.16&#8243; _module_preset=\u00bbdefault\u00bb global_colors_info=\u00bb{}\u00bb][et_pb_text _builder_version=\u00bb4.16&#8243; _module_preset=\u00bbdefault\u00bb background_color=\u00bbRGBA(255,255,255,0)\u00bb inline_fonts=\u00bbOpen Sans,Abel\u00bb global_colors_info=\u00bb{}\u00bb]<\/p>\n<div class=\"et_pb_module et_pb_blurb et_pb_blurb_0_tb_footer et_pb_text_align_left et_pb_blurb_position_left et_pb_bg_layout_light\">\n<div class=\"et_pb_blurb_content\"><\/div>\n<\/div>\n<div class=\"et_pb_module et_pb_blurb et_pb_blurb_2_tb_footer et_pb_text_align_left et_pb_blurb_position_left et_pb_bg_layout_light\">\n<div class=\"et_pb_blurb_content\">\n<div class=\"et_pb_main_blurb_image\"><span class=\"et_pb_image_wrap\" style=\"color: #ffffff; font-family: Open Sans;\"><span class=\"et_pb_animation_top et_pb_animation_top_tablet et_pb_animation_top_phone et-pb-icon et-animated et_had_animation\">\ue01d<\/span><\/span><\/div>\n<div class=\"et_pb_blurb_container\">\n<div class=\"et_pb_blurb_description\">\n<p><span style=\"color: #ffffff; font-family: Open Sans;\"><a href=\"https:\/\/www.salutintegrativalleida.com\/mes-marina\/\" style=\"color: #ffffff;\"><strong>Centro Salut Integrativa Lleida<\/strong><\/a><strong><\/strong><strong><br \/><\/strong><\/span><\/p>\n<p><span style=\"font-family: Open Sans;\"><span style=\"color: #ffffff;\"><span class=\"LrzXr\">Gran Passeig de Ronda, 130, Altell 2, 25008 Lleida<\/span><\/span><span style=\"color: #ffffff;\"><span class=\"LrzXr\"><\/span><\/span><span style=\"color: #ffffff;\"><\/span><\/span><\/p>\n<p><span style=\"color: #ffffff; font-family: Open Sans;\"><span class=\"LrzXr\"><a href=\"https:\/\/es.zappysoftware.com\/marinavidal\" style=\"color: #ffffff;\" target=\"_blank\" rel=\"noopener\"><span style=\"text-decoration: underline;\"><strong>Puedes pedir hora clicando aqu\u00ed<\/strong><\/span><\/a><strong><\/strong><\/span><\/span><\/p>\n<p><span style=\"color: #ffffff; font-family: Open Sans;\"><span class=\"LrzXr\"><\/span><\/span><\/p>\n<\/div>\n<\/div>\n<\/div>\n<\/div>\n<div class=\"et_pb_module et_pb_blurb et_pb_blurb_3_tb_footer et_pb_text_align_left et_pb_blurb_position_left et_pb_bg_layout_light\">\n<div class=\"et_pb_blurb_content\">\n<div class=\"et_pb_main_blurb_image\"><span class=\"et_pb_image_wrap\" style=\"color: #ffffff; font-family: Open Sans;\"><span class=\"et_pb_animation_top et_pb_animation_top_tablet et_pb_animation_top_phone et-pb-icon et-animated et_had_animation\">\ue0e3<\/span><\/span><\/div>\n<div class=\"et_pb_blurb_container\">\n<div class=\"et_pb_blurb_description\">\n<p><span style=\"color: #ffffff; font-family: Open Sans;\">Si prefieres visita online, contacta por tel\u00e9fono, Whatsapp o email.<\/span><\/p>\n<\/div>\n<\/div>\n<\/div>\n<\/div>\n<div class=\"et_pb_module et_pb_blurb et_pb_blurb_3_tb_footer et_pb_text_align_left et_pb_blurb_position_left et_pb_bg_layout_light\">\n<div class=\"et_pb_blurb_content\">\n<div class=\"et_pb_main_blurb_image\"><span style=\"color: #ffffff; font-family: Open Sans;\"><a style=\"color: #ffffff;\" href=\"https:\/\/instagram.com\/dra.marinavidal\" target=\"_blank\" rel=\"noopener\"><\/a><\/span><\/div>\n<\/div>\n<\/div>\n<p>[\/et_pb_text][\/et_pb_column][\/et_pb_row][\/et_pb_section][et_pb_section fb_built=\u00bb1&#8243; _builder_version=\u00bb4.16&#8243; _module_preset=\u00bbdefault\u00bb background_color=\u00bb#212121&#8243; custom_padding=\u00bb27px|||||\u00bb global_colors_info=\u00bb{}\u00bb][et_pb_row _builder_version=\u00bb4.16&#8243; _module_preset=\u00bbdefault\u00bb custom_margin=\u00bb|auto|-57px|auto||\u00bb custom_padding=\u00bb||78px|||\u00bb global_colors_info=\u00bb{}\u00bb][et_pb_column type=\u00bb4_4&#8243; _builder_version=\u00bb4.16&#8243; _module_preset=\u00bbdefault\u00bb global_colors_info=\u00bb{}\u00bb][et_pb_text _builder_version=\u00bb4.16&#8243; _module_preset=\u00bbdefault\u00bb global_colors_info=\u00bb{}\u00bb]<\/p>\n<p style=\"text-align: center;\">Marina Vidal. Doctora de medicina integrativa, medicina natural y PNI en Lleida<\/p>\n<p style=\"text-align: center;\">MEDICINA NATURAL LLEIDA | NUTRICI\u00d3N EVOLUTIVA LLEIDA | RECUPERACI\u00d3N DE LA SALUD LLEIDA | PNI LLEIDA | PSICONEUROINMUNOLOG\u00cdA LLEIDA | MEDICINA INTEGRATIVA LLEIDA<\/p>\n<p>[\/et_pb_text][et_pb_text _builder_version=\u00bb4.18.0&#8243; _module_preset=\u00bbdefault\u00bb text_text_color=\u00bb#FFFFFF\u00bb global_colors_info=\u00bb{}\u00bb]<\/p>\n<p style=\"text-align: center;\"><span style=\"color: #ffffff;\"><a href=\"https:\/\/www.marinavidal.es\/es\/politica-de-cookies-ue\/\" target=\"_blank\" rel=\"noopener\" style=\"color: #ffffff;\">Pol\u00edtica de cookies<\/a> | <a href=\"https:\/\/www.marinavidal.es\/es\/aviso-legal\/\" target=\"_blank\" rel=\"noopener\" style=\"color: #ffffff;\">Aviso legal<\/a> | <a href=\"https:\/\/www.marinavidal.es\/es\/politica-de-privacidad\/\" target=\"_blank\" rel=\"noopener\" style=\"color: #ffffff;\">Pol\u00edtica de privacidad<\/a><\/span><\/p>\n<p>[\/et_pb_text][\/et_pb_column][\/et_pb_row][et_pb_row column_structure=\u00bb1_2,1_2&#8243; _builder_version=\u00bb4.16&#8243; _module_preset=\u00bbdefault\u00bb custom_margin=\u00bb|auto|-57px|auto||\u00bb custom_padding=\u00bb||78px|||\u00bb global_colors_info=\u00bb{}\u00bb][et_pb_column type=\u00bb1_2&#8243; _builder_version=\u00bb4.16&#8243; _module_preset=\u00bbdefault\u00bb global_colors_info=\u00bb{}\u00bb][et_pb_text _builder_version=\u00bb4.16&#8243; _module_preset=\u00bbdefault\u00bb text_font=\u00bbOpen Sans||||||||\u00bb text_text_color=\u00bb#bfbfbf\u00bb text_font_size=\u00bb12px\u00bb custom_margin=\u00bb||6px|||\u00bb global_colors_info=\u00bb{}\u00bb]<\/p>\n<p>Dise\u00f1o del logo: Gemma Rufino Gonz\u00e1lvez<\/p>\n<p>[\/et_pb_text][\/et_pb_column][et_pb_column type=\u00bb1_2&#8243; _builder_version=\u00bb4.16&#8243; _module_preset=\u00bbdefault\u00bb global_colors_info=\u00bb{}\u00bb][et_pb_text _builder_version=\u00bb4.16&#8243; _module_preset=\u00bbdefault\u00bb text_font=\u00bbOpen Sans||||||||\u00bb text_text_color=\u00bb#bfbfbf\u00bb text_font_size=\u00bb12px\u00bb text_orientation=\u00bbright\u00bb custom_margin=\u00bb||2px|||\u00bb global_colors_info=\u00bb{}\u00bb]<\/p>\n<p>Hosting<\/p>\n<p>[\/et_pb_text][et_pb_image src=\u00bbhttps:\/\/www.marinavidal.es\/wp-content\/uploads\/2021\/12\/consultoria-informatica-madrid-edorteam-1.svg\u00bb title_text=\u00bbconsultoria-informatica-madrid-edorteam-1&#8243; url=\u00bbhttp:\/\/www.edorteam.com\u00bb url_new_window=\u00bbon\u00bb align=\u00bbright\u00bb _builder_version=\u00bb4.16&#8243; _module_preset=\u00bbdefault\u00bb width=\u00bb200px\u00bb global_colors_info=\u00bb{}\u00bb][\/et_pb_image][\/et_pb_column][\/et_pb_row][\/et_pb_section]<\/p>\n","protected":false},"excerpt":{"rendered":"<p>En la consulta buscaremos el origen del problema a la vez que apoyaremos el cuerpo para transitar por el momento actual de la forma m\u00e1s efectiva y respetuosa posible. En muchas ocasiones esto permitir\u00e1 disminuir o eliminar medicamentos cr\u00f3nicos y mi experiencia con la medicina convencional facilitar\u00e1 acompa\u00f1arte en el proceso.<\/p>\n","protected":false},"author":1,"featured_media":387,"parent":0,"menu_order":0,"comment_status":"closed","ping_status":"closed","template":"","meta":{"_et_pb_use_builder":"on","_et_pb_old_content":"","_et_gb_content_width":"","footnotes":""},"folder":[22],"class_list":["post-431","page","type-page","status-publish","has-post-thumbnail","hentry"],"_links":{"self":[{"href":"https:\/\/www.marinavidal.es\/es\/wp-json\/wp\/v2\/pages\/431","targetHints":{"allow":["GET"]}}],"collection":[{"href":"https:\/\/www.marinavidal.es\/es\/wp-json\/wp\/v2\/pages"}],"about":[{"href":"https:\/\/www.marinavidal.es\/es\/wp-json\/wp\/v2\/types\/page"}],"author":[{"embeddable":true,"href":"https:\/\/www.marinavidal.es\/es\/wp-json\/wp\/v2\/users\/1"}],"replies":[{"embeddable":true,"href":"https:\/\/www.marinavidal.es\/es\/wp-json\/wp\/v2\/comments?post=431"}],"version-history":[{"count":21,"href":"https:\/\/www.marinavidal.es\/es\/wp-json\/wp\/v2\/pages\/431\/revisions"}],"predecessor-version":[{"id":662,"href":"https:\/\/www.marinavidal.es\/es\/wp-json\/wp\/v2\/pages\/431\/revisions\/662"}],"wp:featuredmedia":[{"embeddable":true,"href":"https:\/\/www.marinavidal.es\/es\/wp-json\/wp\/v2\/media\/387"}],"wp:attachment":[{"href":"https:\/\/www.marinavidal.es\/es\/wp-json\/wp\/v2\/media?parent=431"}],"wp:term":[{"taxonomy":"folder","embeddable":true,"href":"https:\/\/www.marinavidal.es\/es\/wp-json\/wp\/v2\/folder?post=431"}],"curies":[{"name":"wp","href":"https:\/\/api.w.org\/{rel}","templated":true}]}}